{"id":1954,"date":"2019-02-18T15:08:43","date_gmt":"2019-02-18T12:08:43","guid":{"rendered":"http:\/\/www.kureselhukuk.com\/?page_id=1954"},"modified":"2025-08-05T20:00:42","modified_gmt":"2025-08-05T17:00:42","slug":"avukat-habip-bozkurt","status":"publish","type":"page","link":"https:\/\/www.kureselhukuk.com\/en\/avukat-habip-bozkurt\/","title":{"rendered":"Avukat Habip Bozkurt"},"content":{"rendered":"<div class=\"uk-margin\">\r\n\t<div class=\"de-row uk-container uk-position-relative\" style=\"z-index: 0 !important;\">\r\n\t\t\t\t\t\t\t\t\t\t<div data-uk-grid=\"\" class=\"uk-grid uk-flex-1 uk-c-position-z-index-0\">\r\n\t\t\t<div class=\"de-column uk-position-relative uk-width-1-4@m\" style=\"z-index: 0 !important;\">\r\n\t<div class=\"uk-flex uk-c-flex-stretch uk-width-1-1\">\r\n\t\t<div class=\"uk-position-relative uk-width-1-1 uk-padding-remove\">\r\n\t\t\t\t\t\t<div ><\/div>\r\n\t\t\t\t\t\t<div class=\"uk-flex-1\">\r\n\t\t\t\t\t\t\t<\/div>\r\n\t\t<\/div>\r\n\t<\/div>\r\n<\/div><div class=\"de-column uk-position-relative uk-width-1-4@m\" style=\"z-index: 0 !important;\">\r\n\t<div class=\"uk-flex uk-c-flex-stretch uk-width-1-1\">\r\n\t\t<div class=\"uk-position-relative uk-width-1-1 uk-padding-remove\">\r\n\t\t\t\t\t\t<div ><\/div>\r\n\t\t\t\t\t\t<div class=\"uk-flex-1\">\r\n\t\t\t\t<div data-dahz-shortcode-key=\"1711697630166-449f3901-169a\" style=\"\" class=\"de-shortcode__wrapper de-shortcode__wrapper--dahz_single_image uk-margin-uk-margin\">\r\n\t<a class=\"de-single-image__wrapper uk-flex uk-flex-left\">\r\n\t<div>\r\n\t\t<img width=\"300\" height=\"300\" src=\"https:\/\/www.kureselhukuk.com\/wp-content\/uploads\/2025\/08\/Adsiz-tasarim-25.png\" class=\"attachment-large\" alt=\"\" loading=\"lazy\" srcset=\"https:\/\/www.kureselhukuk.com\/wp-content\/uploads\/2025\/08\/Adsiz-tasarim-25.png 300w, https:\/\/www.kureselhukuk.com\/wp-content\/uploads\/2025\/08\/Adsiz-tasarim-25-150x150.png 150w, https:\/\/www.kureselhukuk.com\/wp-content\/uploads\/2025\/08\/Adsiz-tasarim-25-12x12.png 12w, https:\/\/www.kureselhukuk.com\/wp-content\/uploads\/2025\/08\/Adsiz-tasarim-25-100x100.png 100w\" sizes=\"(max-width: 300px) 100vw, 300px\" \/>\t<\/div>\r\n<\/a>\r\n<\/div>\r\n<div data-dahz-shortcode-key=\"1550491781410-6ac50136-9bc8\" style=\"\" class=\"de-shortcode__wrapper de-shortcode__wrapper--dahz_single_image uk-margin-uk-margin\">\r\n\t<a class=\"de-single-image__wrapper uk-flex uk-flex-center\">\r\n\t<div>\r\n\t\t\t<\/div>\r\n<\/a>\r\n<\/div>\r\n\t\t\t<\/div>\r\n\t\t<\/div>\r\n\t<\/div>\r\n<\/div><div class=\"de-column uk-position-relative uk-width-1-4@m\" style=\"z-index: 0 !important;\">\r\n\t<div class=\"uk-flex uk-c-flex-stretch uk-width-1-1\">\r\n\t\t<div class=\"uk-position-relative uk-width-1-1 uk-padding-remove\">\r\n\t\t\t\t\t\t<div ><\/div>\r\n\t\t\t\t\t\t<div class=\"uk-flex-1\">\r\n\t\t\t\t<div style=\"\" class=\"uk-position-relative uk-margin\">\r\n\t\t\t<div class=\"de-textblock-wrapper\" data-uk-scrollspy=\"cls:uk-animation-slide-left; delay:1000;\">\r\n\t\t<div style=\"text-align: justify;\">\n<p>1980 Y\u0131l\u0131nda \u0130stanbul\u00b4da do\u011fdu. \u0130lk ve orta \u00f6\u011frenimimi \u0130stanbul\u2019da tamamlad\u0131. 2003 y\u0131l\u0131nda \u0130stanbul \u00dcniversitesi Hukuk Fak\u00fcltesi\u00b4nden mezun oldu.<\/p>\n<p><!-- \/wp:paragraph --><!-- wp:paragraph --> Avukatl\u0131k ruhsat\u0131n\u0131 ald\u0131ktan sonra Nisan 2006\u2019da K\u00fcresel Hukuk &amp; Dan\u0131\u015fmanl\u0131k \u015firketini hayata ge\u00e7irdi.<\/p>\n<p><!-- \/wp:paragraph --><!-- wp:paragraph -->K\u00fcresel Hukuk &amp; Dan\u0131\u015fmanl\u0131k ile mesleki \u00e7al\u0131\u015fmalar\u0131na nitelikli bir boyut kazand\u0131r\u0131rken ayn\u0131 d\u00f6nemde Kadir Has \u00dcniversitesi&nbsp;\u00d6zel Hukuk dal\u0131nda master e\u011fitimini s\u00fcrd\u00fcrd\u00fc.<\/p>\n<p>2018 y\u0131l\u0131nda K\u00fcresel Akademi\u00b4yi hayata ge\u00e7irdi.&nbsp;<!-- wp:paragraph -->Ayr\u0131ca sivil toplum kurulu\u015flar\u0131nda \u00e7e\u015fitli sorumluluklar alan Bozkurt, bunlar\u0131n yan\u0131nda siyasi y\u00f6netim anlam\u0131nda \u00e7e\u015fitli \u00e7al\u0131\u015fmalarda etkin faaliyetlerde bulundu.<\/div>\n<p><!-- \/wp:paragraph --><\/p>\n\t<\/div>\r\n<\/div>\t\t\t<\/div>\r\n\t\t<\/div>\r\n\t<\/div>\r\n<\/div><div class=\"de-column uk-position-relative uk-width-1-4@m\" style=\"z-index: 0 !important;\">\r\n\t<div class=\"uk-flex uk-c-flex-stretch uk-width-1-1\">\r\n\t\t<div class=\"uk-position-relative uk-width-1-1 uk-padding-remove\">\r\n\t\t\t\t\t\t<div ><\/div>\r\n\t\t\t\t\t\t<div class=\"uk-flex-1\">\r\n\t\t\t\t\t\t\t<\/div>\r\n\t\t<\/div>\r\n\t<\/div>\r\n<\/div>\t\t<\/div>\r\n\t<\/div>\r\n<\/div>","protected":false},"excerpt":{"rendered":"1980 Y\u0131l\u0131nda \u0130stanbul\u00b4da do\u011fdu. \u0130lk ve orta \u00f6\u011frenimimi \u0130stanbul\u2019da tamamlad\u0131. 2003 y\u0131l\u0131nda \u0130stanbul \u00dcniversitesi Hukuk Fak\u00fcltesi\u00b4nden mezun oldu. Avukatl\u0131k ruhsat\u0131n\u0131 ald\u0131ktan sonra Nisan 2006\u2019da K\u00fcresel Hukuk &amp; Dan\u0131\u015fmanl\u0131k \u015firketini hayata ge\u00e7irdi. K\u00fcresel Hukuk &amp; Dan\u0131\u015fmanl\u0131k ile mesleki \u00e7al\u0131\u015fmalar\u0131na nitelikli bir boyut kazand\u0131r\u0131rken ayn\u0131 d\u00f6nemde Kadir Has \u00dcniversitesi&nbsp;\u00d6zel Hukuk dal\u0131nda master e\u011fitimini s\u00fcrd\u00fcrd\u00fc. 2018 y\u0131l\u0131nda K\u00fcresel","protected":false},"author":1,"featured_media":0,"parent":0,"menu_order":0,"comment_status":"closed","ping_status":"closed","template":"","meta":[],"yoast_head":"<!-- This site is optimized with the Yoast SEO Premium plugin v16.1 (Yoast SEO v16.4) - https:\/\/yoast.com\/wordpress\/plugins\/seo\/ -->\n<title>Avukat Habip Bozkurt<\/title>\n<meta name=\"description\" content=\"Avukat Habip Bozkurt 1980 Y\u0131l\u0131nda \u0130stanbul\u00b4da do\u011fdu. 2003 y\u0131l\u0131nda \u0130stanbul \u00dcniversitesi Hukuk Fak\u00fcltesi\u00b4nden mezun oldu. K\u00fcresel Hukuk..\" \/>\n<meta name=\"robots\" content=\"index, follow, max-snippet:-1, max-image-preview:large, max-video-preview:-1\" \/>\n<link rel=\"canonical\" href=\"https:\/\/www.kureselhukuk.com\/en\/avukat-habip-bozkurt\/\" \/>\n<meta property=\"og:locale\" content=\"en_US\" \/>\n<meta property=\"og:type\" content=\"article\" \/>\n<meta property=\"og:title\" content=\"Avukat Habip Bozkurt\" \/>\n<meta property=\"og:description\" content=\"Avukat Habip Bozkurt 1980 Y\u0131l\u0131nda \u0130stanbul\u00b4da do\u011fdu. 2003 y\u0131l\u0131nda \u0130stanbul \u00dcniversitesi Hukuk Fak\u00fcltesi\u00b4nden mezun oldu. K\u00fcresel Hukuk..\" \/>\n<meta property=\"og:url\" content=\"https:\/\/www.kureselhukuk.com\/en\/avukat-habip-bozkurt\/\" \/>\n<meta property=\"og:site_name\" content=\"K\u00fcresel Hukuk\" \/>\n<meta property=\"article:publisher\" content=\"https:\/\/www.facebook.com\/kureselhukukcom\" \/>\n<meta property=\"article:modified_time\" content=\"2025-08-05T17:00:42+00:00\" \/>\n<meta name=\"twitter:card\" content=\"summary_large_image\" \/>\n<meta name=\"twitter:site\" content=\"@kureselhukuk\" \/>\n<meta name=\"twitter:label1\" content=\"Est. reading time\" \/>\n\t<meta name=\"twitter:data1\" content=\"1 minute\" \/>\n<script type=\"application\/ld+json\" class=\"yoast-schema-graph\">{\"@context\":\"https:\/\/schema.org\",\"@graph\":[{\"@type\":\"Organization\",\"@id\":\"https:\/\/www.kureselhukuk.com\/#organization\",\"name\":\"K\\u00fcresel Hukuk & Dan\\u0131\\u015fmanl\\u0131k\",\"url\":\"https:\/\/www.kureselhukuk.com\/\",\"sameAs\":[\"https:\/\/www.facebook.com\/kureselhukukcom\",\"https:\/\/www.instagram.com\/kureselhukuk\/\",\"https:\/\/www.linkedin.com\/company\/kuresel-hukuk\/\",\"https:\/\/www.youtube.com\/channel\/UCcLrg5tKOtPsBVzIHkg5RFA\",\"https:\/\/twitter.com\/kureselhukuk\"],\"logo\":{\"@type\":\"ImageObject\",\"@id\":\"https:\/\/www.kureselhukuk.com\/#logo\",\"inLanguage\":\"en-US\",\"url\":\"https:\/\/www.kureselhukuk.com\/wp-content\/uploads\/2019\/01\/Untitled-1.png\",\"contentUrl\":\"https:\/\/www.kureselhukuk.com\/wp-content\/uploads\/2019\/01\/Untitled-1.png\",\"width\":594,\"height\":178,\"caption\":\"K\\u00fcresel Hukuk & Dan\\u0131\\u015fmanl\\u0131k\"},\"image\":{\"@id\":\"https:\/\/www.kureselhukuk.com\/#logo\"}},{\"@type\":\"WebSite\",\"@id\":\"https:\/\/www.kureselhukuk.com\/#website\",\"url\":\"https:\/\/www.kureselhukuk.com\/\",\"name\":\"K\\u00fcresel Hukuk\",\"description\":\"&quot;Adalet vaat de\\u011fildir&quot;\",\"publisher\":{\"@id\":\"https:\/\/www.kureselhukuk.com\/#organization\"},\"potentialAction\":[{\"@type\":\"SearchAction\",\"target\":\"https:\/\/www.kureselhukuk.com\/?s={search_term_string}\",\"query-input\":\"required name=search_term_string\"}],\"inLanguage\":\"en-US\"},{\"@type\":\"WebPage\",\"@id\":\"https:\/\/www.kureselhukuk.com\/avukat-habip-bozkurt\/#webpage\",\"url\":\"https:\/\/www.kureselhukuk.com\/avukat-habip-bozkurt\/\",\"name\":\"Avukat Habip Bozkurt\",\"isPartOf\":{\"@id\":\"https:\/\/www.kureselhukuk.com\/#website\"},\"datePublished\":\"2019-02-18T12:08:43+00:00\",\"dateModified\":\"2025-08-05T17:00:42+00:00\",\"description\":\"Avukat Habip Bozkurt 1980 Y\\u0131l\\u0131nda \\u0130stanbul\\u00b4da do\\u011fdu. 2003 y\\u0131l\\u0131nda \\u0130stanbul \\u00dcniversitesi Hukuk Fak\\u00fcltesi\\u00b4nden mezun oldu. K\\u00fcresel Hukuk..\",\"breadcrumb\":{\"@id\":\"https:\/\/www.kureselhukuk.com\/avukat-habip-bozkurt\/#breadcrumb\"},\"inLanguage\":\"en-US\",\"potentialAction\":[{\"@type\":\"ReadAction\",\"target\":[\"https:\/\/www.kureselhukuk.com\/avukat-habip-bozkurt\/\"]}]},{\"@type\":\"BreadcrumbList\",\"@id\":\"https:\/\/www.kureselhukuk.com\/avukat-habip-bozkurt\/#breadcrumb\",\"itemListElement\":[{\"@type\":\"ListItem\",\"position\":1,\"item\":{\"@type\":\"WebPage\",\"@id\":\"https:\/\/www.kureselhukuk.com\/\",\"url\":\"https:\/\/www.kureselhukuk.com\/\",\"name\":\"Ana sayfa\"}},{\"@type\":\"ListItem\",\"position\":2,\"item\":{\"@id\":\"https:\/\/www.kureselhukuk.com\/avukat-habip-bozkurt\/#webpage\"}}]}]}<\/script>\n<!-- \/ Yoast SEO Premium plugin. -->","_links":{"self":[{"href":"https:\/\/www.kureselhukuk.com\/en\/wp-json\/wp\/v2\/pages\/1954"}],"collection":[{"href":"https:\/\/www.kureselhukuk.com\/en\/wp-json\/wp\/v2\/pages"}],"about":[{"href":"https:\/\/www.kureselhukuk.com\/en\/wp-json\/wp\/v2\/types\/page"}],"author":[{"embeddable":true,"href":"https:\/\/www.kureselhukuk.com\/en\/wp-json\/wp\/v2\/users\/1"}],"replies":[{"embeddable":true,"href":"https:\/\/www.kureselhukuk.com\/en\/wp-json\/wp\/v2\/comments?post=1954"}],"version-history":[{"count":4,"href":"https:\/\/www.kureselhukuk.com\/en\/wp-json\/wp\/v2\/pages\/1954\/revisions"}],"predecessor-version":[{"id":3956,"href":"https:\/\/www.kureselhukuk.com\/en\/wp-json\/wp\/v2\/pages\/1954\/revisions\/3956"}],"wp:attachment":[{"href":"https:\/\/www.kureselhukuk.com\/en\/wp-json\/wp\/v2\/media?parent=1954"}],"curies":[{"name":"wp","href":"https:\/\/api.w.org\/{rel}","templated":true}]}}